{"id":8,"date":"2025-04-24T12:51:51","date_gmt":"2025-04-24T12:51:51","guid":{"rendered":"https:\/\/esi-zoli.hu\/?page_id=8"},"modified":"2025-04-25T07:32:33","modified_gmt":"2025-04-25T07:32:33","slug":"palyazatok","status":"publish","type":"page","link":"https:\/\/esi-zoli.hu\/index.php\/palyazatok\/","title":{"rendered":"P\u00e1ly\u00e1zatok"},"content":{"rendered":"\n<figure class=\"wp-block-image size-large\"><img loading=\"lazy\" decoding=\"async\" width=\"1024\" height=\"292\" src=\"https:\/\/esi-zoli.hu\/wp-content\/uploads\/2025\/04\/kedvezmenyezetti_infoblokk_vilagos-1024x292.jpg\" alt=\"\" class=\"wp-image-9\" srcset=\"https:\/\/esi-zoli.hu\/wp-content\/uploads\/2025\/04\/kedvezmenyezetti_infoblokk_vilagos-1024x292.jpg 1024w, https:\/\/esi-zoli.hu\/wp-content\/uploads\/2025\/04\/kedvezmenyezetti_infoblokk_vilagos-300x86.jpg 300w, https:\/\/esi-zoli.hu\/wp-content\/uploads\/2025\/04\/kedvezmenyezetti_infoblokk_vilagos-768x219.jpg 768w, https:\/\/esi-zoli.hu\/wp-content\/uploads\/2025\/04\/kedvezmenyezetti_infoblokk_vilagos-1536x438.jpg 1536w, https:\/\/esi-zoli.hu\/wp-content\/uploads\/2025\/04\/kedvezmenyezetti_infoblokk_vilagos-2048x585.jpg 2048w\" sizes=\"auto, (max-width: 1024px) 100vw, 1024px\" \/><\/figure>\n\n\n\n<p><strong>P\u00e1ly\u00e1zat<\/strong><\/p>\n\n\n\n<p>GINOP Plusz-3.2.1-21 \u201eA munkav\u00e1llal\u00f3k \u00e9s v\u00e1llalatok alkalmazkod\u00f3k\u00e9pess\u00e9g\u00e9nek \u00e9s termel\u00e9kenys\u00e9g\u00e9nek jav\u00edt\u00e1sa a munkaer\u0151 fejleszt\u00e9s\u00e9n kereszt\u00fcl\u201d<\/p>\n\n\n\n<p><strong>A kedvezm\u00e9nyezett neve<\/strong>: &#8222;ESI-ZOLI&#8221; Kft.<\/p>\n\n\n\n<p><strong>A k\u00e9pz\u00e9sek elnevez\u00e9se \u00e9s c\u00e9lja<\/strong>:<\/p>\n\n\n\n<ul class=\"wp-block-list\">\n<li><strong>A k\u00e9pz\u00e9s elnevez\u00e9se<\/strong>: Kommunik\u00e1ci\u00f3 \u00e9s konfliktuskezel\u00e9s<\/li>\n<\/ul>\n\n\n\n<p><strong>A k\u00e9pz\u00e9s c\u00e9lja<\/strong>: A k\u00e9pz\u00e9si program c\u00e9lja, hogy a k\u00e9pz\u00e9sben r\u00e9sztvev\u0151k fejlessz\u00e9k kommunik\u00e1ci\u00f3s k\u00e9szs\u00e9geiket, megismerj\u00e9k a konfliktuskezel\u00e9si technik\u00e1kat, \u00e9s a medi\u00e1ci\u00f3 szerep\u00e9t.<\/p>\n\n\n\n<ul class=\"wp-block-list\">\n<li><strong>A k\u00e9pz\u00e9s elnevez\u00e9se<\/strong>: Munkav\u00e1llal\u00f3i hat\u00e9konys\u00e1gfejleszt\u00e9s<\/li>\n<\/ul>\n\n\n\n<p><strong>A k\u00e9pz\u00e9s c\u00e9lja<\/strong>: A k\u00e9pz\u00e9sben r\u00e9sztvev\u0151k k\u00e9pesek legyenek a v\u00e1llalat folyamatelv\u0171 megk\u00f6zel\u00edt\u00e9s\u00e9re, a tev\u00e9kenys\u00e9gek logikus kapcsol\u00f3d\u00e1s\u00e1nak kialak\u00edt\u00e1s\u00e1ra, az \u00e1tad\u00e1si pontok felel\u0151ss\u00e9geinek tiszt\u00e1z\u00e1s\u00e1ra, ezzel az \u00e1tad\u00e1sok kock\u00e1zatainak m\u00e9rs\u00e9kl\u00e9s\u00e9re.<\/p>\n\n\n\n<ul class=\"wp-block-list\">\n<li><strong>A k\u00e9pz\u00e9s elnevez\u00e9se<\/strong>: MS Excel k\u00e9pz\u00e9s<\/li>\n<\/ul>\n\n\n\n<p><strong>A k\u00e9pz\u00e9s c\u00e9lja<\/strong>: A k\u00e9pz\u00e9si program c\u00e9lja az Excel magabiztos haszn\u00e1lat\u00e1nak elsaj\u00e1t\u00edt\u00e1sa.<\/p>\n\n\n\n<ul class=\"wp-block-list\">\n<li><strong>A k\u00e9pz\u00e9s elnevez\u00e9se<\/strong>: Online eszk\u00f6z\u00f6k haszn\u00e1lata a mindennapokban<\/li>\n<\/ul>\n\n\n\n<p><strong>A k\u00e9pz\u00e9s c\u00e9lja<\/strong>: A k\u00e9pz\u00e9si program c\u00e9lja a mindennapok sor\u00e1n hasznos online eszk\u00f6z\u00f6k megismer\u00e9se, haszn\u00e1latuk elsaj\u00e1t\u00edt\u00e1sa.<\/p>\n\n\n\n<p><strong>A szerz\u0151d\u00f6tt t\u00e1mogat\u00e1s \u00f6sszege<\/strong>: 8&nbsp;808&nbsp;000 Ft<\/p>\n\n\n\n<p><strong>A k\u00e9pz\u00e9sek r\u00e9szletes bemutat\u00e1sa:<\/strong><\/p>\n\n\n\n<ul class=\"wp-block-list\">\n<li><strong>Kommunik\u00e1ci\u00f3 \u00e9s konfliktuskezel\u00e9s<\/strong><\/li>\n<\/ul>\n\n\n\n<p><strong>A k\u00e9pz\u00e9s r\u00e9szletes bemutat\u00e1sa<\/strong>: A k\u00e9pz\u00e9sben r\u00e9sztvev\u0151 megismeri a kommunik\u00e1ci\u00f3 saj\u00e1toss\u00e1gait, technik\u00e1it, saj\u00e1t kommunik\u00e1ci\u00f3s viselked\u00e9sm\u00f3dj\u00e1t, \u00e9s k\u00e9pess\u00e9 v\u00e1lik annak fejleszt\u00e9s\u00e9re. A k\u00e9pz\u00e9sben r\u00e9sztvev\u0151 k\u00e9pess\u00e9 v\u00e1lik felismerni a konfliktushelyzeteket, \u00e9s azokat hat\u00e9konyan kezelni, illetve k\u00e9pes lesz hat\u00e9konyan alkalmazni a medi\u00e1ci\u00f3t.<\/p>\n\n\n\n<p>A k\u00e9pz\u00e9si program tartalma:<\/p>\n\n\n\n<p>\u2022&nbsp;&nbsp; Kommunik\u00e1ci\u00f3s alapok<\/p>\n\n\n\n<p>\u2022&nbsp;&nbsp; Asszertivit\u00e1s<\/p>\n\n\n\n<p>\u2022&nbsp;&nbsp; Hat\u00e9kony kommunik\u00e1ci\u00f3<\/p>\n\n\n\n<p>\u2022&nbsp;&nbsp; Konfliktuskezel\u00e9s<\/p>\n\n\n\n<p>\u2022&nbsp;&nbsp; Medi\u00e1ci\u00f3.<\/p>\n\n\n\n<ul class=\"wp-block-list\">\n<li><strong>Munkav\u00e1llal\u00f3i hat\u00e9konys\u00e1gfejleszt\u00e9s<\/strong><\/li>\n<\/ul>\n\n\n\n<p><strong>A k\u00e9pz\u00e9s r\u00e9szletes bemutat\u00e1sa<\/strong>: A r\u00e9sztvev\u0151k k\u00e9pesek lesznek megk\u00fcl\u00f6nb\u00f6ztetni a folyamatok k\u00fcl\u00f6nb\u00f6z\u0151 szintjeit \u00e9s annak megfelel\u0151en elj\u00e1rni. A folyamatok teljes lefut\u00e1s\u00e1nak eg\u00e9szben t\u00f6rt\u00e9n\u0151 vizsg\u00e1lata \u2013 elemz\u00e9se, \u00e9rt\u00e9kel\u00e9se teszi lehet\u0151v\u00e9 a hat\u00e9kony m\u0171k\u00f6d\u00e9st \u00e9s \u00e1tl\u00e1that\u00f3s\u00e1got. A r\u00e9sztvev\u0151k megismerkednek a d\u00f6nt\u00e9si mechanizmusokkal, k\u00e9pesek lesznek sz\u00e9les \u00f6sszef\u00fcgg\u00e9sekben gondolkodni, elsaj\u00e1t\u00edts\u00e1k a v\u00e1ltoz\u00e1s sz\u00fcks\u00e9gess\u00e9g\u00e9t felismer\u0151 szeml\u00e9leteket, tov\u00e1bb\u00e1 k\u00e9pesek lesznek \u00e1tl\u00e1tni \u00e9s nyomon k\u00f6vetni a r\u00e1juk b\u00edzott projektet az els\u0151 l\u00e9p\u00e9st\u0151l az utols\u00f3 sim\u00edt\u00e1sokig, visszam\u00e9r\u00e9sig. A projektmenedzsmenti tud\u00e1s alkalmaz\u00e1s\u00e1val a min\u0151s\u00e9gi \u00e9s szakmai c\u00e9lok kevesebb id\u0151r\u00e1ford\u00edt\u00e1ssal \u00e9s k\u00f6lts\u00e9ggel \u00e9rhet\u0151k el. Komplexit\u00e1st, nagyobb \u00e1tl\u00e1that\u00f3s\u00e1got tudunk el\u00e9rni vele, jelent\u0151sen cs\u00f6kkenthetj\u00fck a felmer\u00fcl\u0151 kock\u00e1zatokat \u00e9s fokozni tudjuk a motiv\u00e1ci\u00f3t is.<\/p>\n\n\n\n<p>A k\u00e9pz\u00e9s sor\u00e1n megszerezhet\u0151 kompetenci\u00e1k:<\/p>\n\n\n\n<ul class=\"wp-block-list\">\n<li>A r\u00e9sztvev\u0151 k\u00e9pes a v\u00e1llalat folyamatelv\u0171 megk\u00f6zel\u00edt\u00e9sre, a tev\u00e9kenys\u00e9gek logikus kapcsol\u00f3d\u00e1s\u00e1nak kialak\u00edt\u00e1s\u00e1ra.<\/li>\n\n\n\n<li>A r\u00e9sztvev\u0151 k\u00e9pes az \u00e1tad\u00e1si pontok felel\u0151ss\u00e9geinek tiszt\u00e1z\u00e1s\u00e1ra, az \u00e1tad\u00e1sok kock\u00e1zatainak m\u00e9rs\u00e9kl\u00e9s\u00e9re.<\/li>\n\n\n\n<li>A r\u00e9sztvev\u0151k k\u00e9pes megk\u00fcl\u00f6nb\u00f6ztetni a folyamatok k\u00fcl\u00f6nb\u00f6z\u0151 szintjeit \u00e9s annak megfelel\u0151en elj\u00e1rni.<\/li>\n\n\n\n<li>A k\u00e9pz\u00e9sben r\u00e9sztvev\u0151 ismeri a projektekhez kapcsol\u00f3d\u00f3 alapokat, feladatokat.<\/li>\n\n\n\n<li>A k\u00e9pz\u00e9sben r\u00e9sztvev\u0151 k\u00e9pes a projekttervez\u00e9sre.<\/li>\n\n\n\n<li>A k\u00e9pz\u00e9sben r\u00e9sztvev\u0151 ismeri \u00e9s k\u00e9pes alkalmazni a projektmegval\u00f3s\u00edt\u00e1s folyamatait.<\/li>\n\n\n\n<li>A k\u00e9pz\u00e9sben r\u00e9sztvev\u0151 ismeri \u00e9s k\u00e9pes alkalmazni a v\u00e1ltoz\u00e1s folyamatait.<\/li>\n<\/ul>\n\n\n\n<p>Tartalma: Projektmenedzsment, Folyamatmenedzsment, V\u00e1ltoz\u00e1smenedzsment<\/p>\n\n\n\n<ul class=\"wp-block-list\">\n<li><strong>MS Excel k\u00e9pz\u00e9s<\/strong><\/li>\n<\/ul>\n\n\n\n<p><strong>A k\u00e9pz\u00e9s r\u00e9szletes bemutat\u00e1sa:<\/strong> A k\u00e9pz\u00e9si program c\u00e9lja az Excel magabiztos haszn\u00e1lat\u00e1nak elsaj\u00e1t\u00edt\u00e1sa.<\/p>\n\n\n\n<p>A k\u00e9pz\u00e9sen r\u00e9sztvev\u0151k az al\u00e1bbiakat saj\u00e1t\u00edtj\u00e1k el:<\/p>\n\n\n\n<ul class=\"wp-block-list\">\n<li>k\u00e9pes t\u00e1bl\u00e1zatokat l\u00e9trehozni, menteni k\u00fcl\u00f6nb\u00f6z\u0151 f\u00e1jlform\u00e1tumokban<\/li>\n\n\n\n<li>k\u00e9pes cell\u00e1ba adatot bevinni \u00e9s list\u00e1kat l\u00e9trehozni<\/li>\n\n\n\n<li>k\u00e9pes adatot kijel\u00f6lni, rendezni, m\u00e1solni, mozgatni, t\u00f6r\u00f6lni, tov\u00e1bb\u00e1 sorokat \u00e9s oszlopokat szerkeszteni a munkalapokon; m\u00e1solni, mozgatni, t\u00f6r\u00f6lni \u00e9s megfelel\u0151en \u00e1tnevezni a munkalapokat<\/li>\n\n\n\n<li>k\u00e9pes t\u00e1bl\u00e1zatkezel\u0151 funkci\u00f3k seg\u00edts\u00e9g\u00e9vel matematikai \u00e9s logikai f\u00fcggv\u00e9nyeket l\u00e9trehozni<\/li>\n\n\n\n<li>megfelel\u0151 gyakorlattal rendelkezik a f\u00fcggv\u00e9nyek l\u00e9trehoz\u00e1s\u00e1ban \u00e9s a f\u00fcggv\u00e9nyhib\u00e1k felismer\u00e9s\u00e9ben, illetve sz\u00e1m \u00e9s sz\u00f6vegtartalom form\u00e1z\u00e1sban<\/li>\n\n\n\n<li>az inform\u00e1ci\u00f3 min\u00e9l pontosabb \u00e1tad\u00e1sa \u00e9rdek\u00e9ben k\u00e9pes kiv\u00e1lasztani, l\u00e9trehozni, \u00e9s megform\u00e1zni a megfelel\u0151 grafikont<\/li>\n\n\n\n<li>k\u00e9pes a t\u00e1bl\u00e1zat oldalsz\u00e1mait megfelel\u0151en be\u00e1ll\u00edtani, illetve ellen\u0151rizni \u00e9s jav\u00edtani a tartalmat a nyomtat\u00e1s el\u0151tt<\/li>\n<\/ul>\n\n\n\n<ul class=\"wp-block-list\">\n<li><strong>Online eszk\u00f6z\u00f6k haszn\u00e1lata a mindennapokban<\/strong><\/li>\n<\/ul>\n\n\n\n<p><strong>A k\u00e9pz\u00e9s r\u00e9szletes bemutat\u00e1sa:<\/strong><\/p>\n\n\n\n<p>A k\u00e9pz\u00e9sen r\u00e9sztvev\u0151k az al\u00e1bbiakat saj\u00e1t\u00edtj\u00e1k el:<\/p>\n\n\n\n<ul class=\"wp-block-list\">\n<li>k\u00e9pes a keres\u0151k hat\u00e9kony haszn\u00e1lat\u00e1ra<\/li>\n\n\n\n<li>k\u00e9pes Google t\u00e1bl\u00e1zat l\u00e9trehoz\u00e1s\u00e1ra<\/li>\n\n\n\n<li>k\u00e9pes k\u00f6z\u00f6s\/megosztott dokumentumokat kezelni<\/li>\n\n\n\n<li>ismeri a f\u00e1jlt\u00e1rol\u00e1s, megoszt\u00e1shoz kapcsol\u00f3d\u00f3 ismeretek, \u00e9s k\u00e9pes azok alkalmaz\u00e1s\u00e1ra<\/li>\n\n\n\n<li>k\u00e9pes az online k\u00e9pszerkeszt\u00e9sre<\/li>\n\n\n\n<li>ismeri az online m\u00e9dia f\u0151bb szerepl\u0151it<\/li>\n\n\n\n<li>ismeri a mesters\u00e9ges intelligencia szerep\u00e9t a mindennapokban, \u00e9s k\u00e9pes haszn\u00e1lni<\/li>\n<\/ul>\n\n\n\n<p><strong>A k\u00e9pz\u00e9sek tervezett befejez\u00e9si d\u00e1tuma<\/strong>: 2024.11.11.<\/p>\n\n\n\n<p><em>a kedvezm\u00e9nyezett neve: &#8222;ESI-ZOLI&#8221; Kft.<\/em><\/p>\n\n\n\n<p><em>a k\u00e9pz\u00e9sek elnevez\u00e9se \u00e9s c\u00e9lja;&nbsp;<\/em><\/p>\n\n\n\n<p>&#8211;&nbsp;&nbsp;&nbsp;&nbsp;&nbsp;&nbsp;&nbsp;&nbsp;<em><u>Szem\u00e9lyi kompetenciafejleszt\u00e9s<\/u>: c\u00e9lja, hogy a r\u00e9sztvev\u0151k t\u00f6bbek k\u00f6z\u00f6tt fejlessz\u00e9k szem\u00e9lyis\u00e9g\u00fck m\u0171k\u00f6d\u00e9s\u00e9t, kommunik\u00e1ci\u00f3jukat, etikus magatart\u00e1sukat.<\/em><\/p>\n\n\n\n<p>&#8211;&nbsp;&nbsp;&nbsp;&nbsp;&nbsp;&nbsp;&nbsp;&nbsp;<em><u>Informatikai kompetenciafejleszt\u00e9s<\/u>: c\u00e9lja, hogy a r\u00e9sztvev\u0151k fejlessz\u00e9k az informatikai kompetenci\u00e1ikat.<\/em><\/p>\n\n\n\n<p><em>a szerz\u0151d\u00f6tt t\u00e1mogat\u00e1s \u00f6sszege: 8 125 000 Ft<\/em><\/p>\n\n\n\n<p><em>a k\u00e9pz\u00e9sek r\u00e9szletes bemutat\u00e1sa:&nbsp;<\/em><\/p>\n\n\n\n<p>&#8211;&nbsp;&nbsp;&nbsp;&nbsp;&nbsp;&nbsp;&nbsp;&nbsp;<em><u>Szem\u00e9lyi kompetenciafejleszt\u00e9s<\/u>: a k\u00e9pz\u00e9s sor\u00e1n a r\u00e9sztvev\u0151k megismerkednek a szem\u00e9lyis\u00e9g m\u0171k\u00f6d\u00e9s\u00e9vel, a kommunik\u00e1ci\u00f3 saj\u00e1toss\u00e1gaival, kommunik\u00e1ci\u00f3s technik\u00e1kkal, megold\u00e1si strat\u00e9gi\u00e1kkal, valamint betekint\u00e9st nyernek a hallgat\u00e1si k\u00e9szs\u00e9gek, k\u00e9rdez\u00e9stechnika, konfliktusok \u00e9rtelmez\u00e9se, etikus magatart\u00e1s, \u00f6nismeret, verb\u00e1lis \u00e9s nonverb\u00e1lis kommunik\u00e1ci\u00f3, moder\u00e1ci\u00f3, fejleszt\u00e9si terv alapjaiba.<\/em><\/p>\n\n\n\n<p>&#8211;&nbsp;&nbsp;&nbsp;&nbsp;&nbsp;&nbsp;&nbsp;&nbsp;<em><u>Informatikai kompetenciafejleszt\u00e9s<\/u>: a k\u00e9pz\u00e9sben a r\u00e9sztvev\u0151k ismereteket szereznek a b\u00f6ng\u00e9sz\u0151k haszn\u00e1lat\u00e1r\u00f3l (inform\u00e1ci\u00f3 keres\u00e9s az interneten), a biztons\u00e1gos b\u00f6ng\u00e9sz\u00e9sr\u0151l, az elektronikus levelez\u00e9sr\u0151l \u2013 NETIKETT, valamint a k\u00f6z\u00f6ss\u00e9gi m\u00e9dia biztons\u00e1gos haszn\u00e1lat\u00e1r\u00f3l.&nbsp;<\/em><\/p>\n\n\n\n<p><em>a k\u00e9pz\u00e9sek tervezett befejez\u00e9si d\u00e1tuma: 2023.01.02<\/em><\/p>\n","protected":false},"excerpt":{"rendered":"<p>P\u00e1ly\u00e1zat GINOP Plusz-3.2.1-21 \u201eA munkav\u00e1llal\u00f3k \u00e9s v\u00e1llalatok alkalmazkod\u00f3k\u00e9pess\u00e9g\u00e9nek \u00e9s termel\u00e9kenys\u00e9g\u00e9nek jav\u00edt\u00e1sa a munkaer\u0151 fejleszt\u00e9s\u00e9n kereszt\u00fcl\u201d A kedvezm\u00e9nyezett neve: &#8222;ESI-ZOLI&#8221; Kft. A k\u00e9pz\u00e9sek elnevez\u00e9se \u00e9s c\u00e9lja: A k\u00e9pz\u00e9s c\u00e9lja: A k\u00e9pz\u00e9si program c\u00e9lja, hogy a k\u00e9pz\u00e9sben r\u00e9sztvev\u0151k fejlessz\u00e9k kommunik\u00e1ci\u00f3s k\u00e9szs\u00e9geiket, megismerj\u00e9k a konfliktuskezel\u00e9si technik\u00e1kat, \u00e9s a medi\u00e1ci\u00f3 szerep\u00e9t. A k\u00e9pz\u00e9s c\u00e9lja: A k\u00e9pz\u00e9sben r\u00e9sztvev\u0151k k\u00e9pesek legyenek &#8230; <a title=\"P\u00e1ly\u00e1zatok\" class=\"read-more\" href=\"https:\/\/esi-zoli.hu\/index.php\/palyazatok\/\" aria-label=\"Read more about P\u00e1ly\u00e1zatok\">Olvass tov\u00e1bb<\/a><\/p>\n","protected":false},"author":1,"featured_media":0,"parent":0,"menu_order":0,"comment_status":"closed","ping_status":"closed","template":"","meta":{"footnotes":""},"class_list":["post-8","page","type-page","status-publish"],"_links":{"self":[{"href":"https:\/\/esi-zoli.hu\/index.php\/wp-json\/wp\/v2\/pages\/8","targetHints":{"allow":["GET"]}}],"collection":[{"href":"https:\/\/esi-zoli.hu\/index.php\/wp-json\/wp\/v2\/pages"}],"about":[{"href":"https:\/\/esi-zoli.hu\/index.php\/wp-json\/wp\/v2\/types\/page"}],"author":[{"embeddable":true,"href":"https:\/\/esi-zoli.hu\/index.php\/wp-json\/wp\/v2\/users\/1"}],"replies":[{"embeddable":true,"href":"https:\/\/esi-zoli.hu\/index.php\/wp-json\/wp\/v2\/comments?post=8"}],"version-history":[{"count":2,"href":"https:\/\/esi-zoli.hu\/index.php\/wp-json\/wp\/v2\/pages\/8\/revisions"}],"predecessor-version":[{"id":29,"href":"https:\/\/esi-zoli.hu\/index.php\/wp-json\/wp\/v2\/pages\/8\/revisions\/29"}],"wp:attachment":[{"href":"https:\/\/esi-zoli.hu\/index.php\/wp-json\/wp\/v2\/media?parent=8"}],"curies":[{"name":"wp","href":"https:\/\/api.w.org\/{rel}","templated":true}]}}